{"id":18,"date":"2024-10-18T11:04:53","date_gmt":"2024-10-18T09:04:53","guid":{"rendered":"https:\/\/cookandlift.provisoire.ch\/?page_id=18"},"modified":"2025-02-26T08:57:18","modified_gmt":"2025-02-26T07:57:18","slug":"temoignages","status":"publish","type":"page","link":"https:\/\/cookandlift.ch\/en\/temoignages\/","title":{"rendered":"testimonials"},"content":{"rendered":"<p>[et_pb_section fb_built=\u00a0\u00bb1&Prime; disabled_on=\u00a0\u00bboff|off|off\u00a0\u00bb admin_label=\u00a0\u00bbintro-desktop\u00a0\u00bb _builder_version=\u00a0\u00bb4.27.2&Prime; _module_preset=\u00a0\u00bbdefault\u00a0\u00bb background_enable_color=\u00a0\u00bboff\u00a0\u00bb background_enable_image=\u00a0\u00bboff\u00a0\u00bb parallax=\u00a0\u00bbon\u00a0\u00bb background_blend=\u00a0\u00bbmultiply\u00a0\u00bb custom_margin=\u00a0\u00bb0px||0px||false|false\u00a0\u00bb custom_padding=\u00a0\u00bb0px||0px||false|false\u00a0\u00bb global_colors_info=\u00a0\u00bb{}\u00a0\u00bb][et_pb_row column_structure=\u00a0\u00bb1_4,3_4&Prime; disabled_on=\u00a0\u00bbon|on|off\u00a0\u00bb _builder_version=\u00a0\u00bb4.27.2&Prime; _module_preset=\u00a0\u00bbdefault\u00a0\u00bb max_width=\u00a0\u00bb2560px\u00a0\u00bb custom_margin=\u00a0\u00bb0px||0px||false|false\u00a0\u00bb custom_padding=\u00a0\u00bb0px||0px||false|false\u00a0\u00bb locked=\u00a0\u00bboff\u00a0\u00bb global_colors_info=\u00a0\u00bb{}\u00a0\u00bb][et_pb_column type=\u00a0\u00bb1_4&Prime; disabled_on=\u00a0\u00bbon|on|off\u00a0\u00bb _builder_version=\u00a0\u00bb4.27.2&Prime; _module_preset=\u00a0\u00bbdefault\u00a0\u00bb global_colors_info=\u00a0\u00bb{}\u00a0\u00bb][et_pb_image src=\u00a0\u00bbhttps:\/\/cookandlift.ch\/wp-content\/uploads\/2024\/10\/Coaching.png\u00a0\u00bb alt=\u00a0\u00bbCoaching\u00a0\u00bb title_text=\u00a0\u00bbCoaching\u00a0\u00bb url=\u00a0\u00bb@ET-DC@eyJkeW5hbWljIjp0cnVlLCJjb250ZW50IjoiaG9tZV91cmwiLCJzZXR0aW5ncyI6e319@\u00a0\u00bb show_bottom_space=\u00a0\u00bboff\u00a0\u00bb _builder_version=\u00a0\u00bb4.27.2&Prime; _dynamic_attributes=\u00a0\u00bburl\u00a0\u00bb _module_preset=\u00a0\u00bbdefault\u00a0\u00bb width=\u00a0\u00bb90%\u00a0\u00bb module_alignment=\u00a0\u00bbleft\u00a0\u00bb custom_margin=\u00a0\u00bb20px||||false|false\u00a0\u00bb custom_padding=\u00a0\u00bb|||1vw|false|false\u00a0\u00bb global_colors_info=\u00a0\u00bb{}\u00a0\u00bb][\/et_pb_image][\/et_pb_column][et_pb_column type=\u00a0\u00bb3_4&Prime; _builder_version=\u00a0\u00bb4.27.2&Prime; _module_preset=\u00a0\u00bbdefault\u00a0\u00bb global_colors_info=\u00a0\u00bb{}\u00a0\u00bb][et_pb_menu active_link_color=\u00a0\u00bb#7CDA24&Prime; logo_width=\u00a0\u00bb12%\u00a0\u00bb menu_icon_color=\u00a0\u00bb#FFFFFF\u00a0\u00bb _builder_version=\u00a0\u00bb4.27.4&Prime; _module_preset=\u00a0\u00bbdefault\u00a0\u00bb menu_font=\u00a0\u00bb|600||on|||||\u00a0\u00bb menu_text_color=\u00a0\u00bb#000000&Prime; menu_font_size=\u00a0\u00bb11px\u00a0\u00bb menu_letter_spacing=\u00a0\u00bb4px\u00a0\u00bb background_color=\u00a0\u00bbRGBA(255,255,255,0)\u00a0\u00bb text_orientation=\u00a0\u00bbright\u00a0\u00bb custom_margin=\u00a0\u00bb20px||||false|false\u00a0\u00bb child_filter_invert=\u00a0\u00bb100%\u00a0\u00bb hover_enabled=\u00a0\u00bb0&Prime; global_colors_info=\u00a0\u00bb{}\u00a0\u00bb menu_text_color__hover_enabled=\u00a0\u00bbon|desktop\u00a0\u00bb menu_text_color__hover=\u00a0\u00bb#7CDA24&Prime; dropdown_menu_line_color=\u00a0\u00bb#7CDA24&Prime; dropdown_menu_bg_color=\u00a0\u00bbrgba(0,0,0,0.06)\u00a0\u00bb sticky_enabled=\u00a0\u00bb0&Prime;][\/et_pb_menu][\/et_pb_column][\/et_pb_row][et_pb_row disabled_on=\u00a0\u00bboff|off|on\u00a0\u00bb _builder_version=\u00a0\u00bb4.27.2&Prime; _module_preset=\u00a0\u00bbdefault\u00a0\u00bb z_index=\u00a0\u00bb33&Prime; max_width=\u00a0\u00bb2560px\u00a0\u00bb custom_margin=\u00a0\u00bb0px||0px||false|false\u00a0\u00bb custom_padding=\u00a0\u00bb0px||0px||false|false\u00a0\u00bb locked=\u00a0\u00bboff\u00a0\u00bb global_colors_info=\u00a0\u00bb{}\u00a0\u00bb][et_pb_column type=\u00a0\u00bb4_4&Prime; _builder_version=\u00a0\u00bb4.27.2&Prime; _module_preset=\u00a0\u00bbdefault\u00a0\u00bb global_colors_info=\u00a0\u00bb{}\u00a0\u00bb][et_pb_menu active_link_color=\u00a0\u00bb#000000&Prime; dropdown_menu_bg_color=\u00a0\u00bb#FFFFFF\u00a0\u00bb dropdown_menu_line_color=\u00a0\u00bb#000000&Prime; dropdown_menu_text_color=\u00a0\u00bb#000000&Prime; dropdown_menu_active_link_color=\u00a0\u00bb#7CDA24&Prime; mobile_menu_bg_color=\u00a0\u00bb#FFFFFF\u00a0\u00bb mobile_menu_text_color=\u00a0\u00bb#000000&Prime; logo=\u00a0\u00bbhttps:\/\/cookandlift.ch\/wp-content\/uploads\/2024\/10\/Coaching.png\u00a0\u00bb logo_url=\u00a0\u00bb@ET-DC@eyJkeW5hbWljIjp0cnVlLCJjb250ZW50IjoiaG9tZV91cmwiLCJzZXR0aW5ncyI6e319@\u00a0\u00bb logo_width=\u00a0\u00bb33%\u00a0\u00bb menu_icon_color=\u00a0\u00bb#000000&Prime; _builder_version=\u00a0\u00bb4.27.2&Prime; _dynamic_attributes=\u00a0\u00bblogo_url\u00a0\u00bb _module_preset=\u00a0\u00bbdefault\u00a0\u00bb menu_font=\u00a0\u00bb|||on|||||\u00a0\u00bb menu_text_color=\u00a0\u00bb#000000&Prime; menu_font_size=\u00a0\u00bb11px\u00a0\u00bb menu_letter_spacing=\u00a0\u00bb4px\u00a0\u00bb background_color=\u00a0\u00bbRGBA(255,255,255,0)\u00a0\u00bb z_index=\u00a0\u00bb33&Prime; text_orientation=\u00a0\u00bbright\u00a0\u00bb custom_margin=\u00a0\u00bb10px||||false|false\u00a0\u00bb border_width_all_image=\u00a0\u00bb0px\u00a0\u00bb border_color_all_image=\u00a0\u00bb#E02B20&Prime; global_colors_info=\u00a0\u00bb{}\u00a0\u00bb menu_text_color__hover_enabled=\u00a0\u00bbon|desktop\u00a0\u00bb menu_text_color__hover=\u00a0\u00bb#7CDA24&Prime;][\/et_pb_menu][\/et_pb_column][\/et_pb_row][\/et_pb_section][et_pb_section fb_built=\u00a0\u00bb1&Prime; _builder_version=\u00a0\u00bb4.27.2&Prime; _module_preset=\u00a0\u00bbdefault\u00a0\u00bb custom_padding=\u00a0\u00bb||0px|||\u00a0\u00bb global_colors_info=\u00a0\u00bb{}\u00a0\u00bb][et_pb_row _builder_version=\u00a0\u00bb4.27.2&Prime; _module_preset=\u00a0\u00bbdefault\u00a0\u00bb max_width=\u00a0\u00bb2560px\u00a0\u00bb locked=\u00a0\u00bboff\u00a0\u00bb global_colors_info=\u00a0\u00bb{}\u00a0\u00bb][et_pb_column type=\u00a0\u00bb4_4&Prime; _builder_version=\u00a0\u00bb4.27.2&Prime; _module_preset=\u00a0\u00bbdefault\u00a0\u00bb global_colors_info=\u00a0\u00bb{}\u00a0\u00bb][et_pb_divider color=\u00a0\u00bb#7CDA24&Prime; divider_weight=\u00a0\u00bb10px\u00a0\u00bb _builder_version=\u00a0\u00bb4.27.2&Prime; _module_preset=\u00a0\u00bbdefault\u00a0\u00bb width=\u00a0\u00bb8%\u00a0\u00bb width_tablet=\u00a0\u00bb8%\u00a0\u00bb width_phone=\u00a0\u00bb40%\u00a0\u00bb width_last_edited=\u00a0\u00bbon|phone\u00a0\u00bb custom_margin=\u00a0\u00bb||0px||false|false\u00a0\u00bb global_colors_info=\u00a0\u00bb{}\u00a0\u00bb][\/et_pb_divider][et_pb_text _builder_version=\u00a0\u00bb4.27.2&Prime; _module_preset=\u00a0\u00bbdefault\u00a0\u00bb text_font=\u00a0\u00bb|||on|||||\u00a0\u00bb text_font_size=\u00a0\u00bb30px\u00a0\u00bb text_line_height=\u00a0\u00bb1.2em\u00a0\u00bb header_2_text_color=\u00a0\u00bb#000000&Prime; header_3_font_size=\u00a0\u00bb48px\u00a0\u00bb custom_margin=\u00a0\u00bb||11px|||\u00a0\u00bb text_font_size_tablet=\u00a0\u00bb30px\u00a0\u00bb text_font_size_phone=\u00a0\u00bb15px\u00a0\u00bb text_font_size_last_edited=\u00a0\u00bbon|phone\u00a0\u00bb header_3_font_size_tablet=\u00a0\u00bb48px\u00a0\u00bb header_3_font_size_phone=\u00a0\u00bb25px\u00a0\u00bb header_3_font_size_last_edited=\u00a0\u00bbon|phone\u00a0\u00bb global_colors_info=\u00a0\u00bb{}\u00a0\u00bb]<\/p>\n<h3 class=\"mb-8\"><span class=\"block text-3xl font-bold tracking-wide uppercase lg:text-4xl 2xl:text-5xl font-display\">T\u00e9moignages partag\u00e9s<\/span><\/h3>\n<p class=\"mb-8\"><span class=\"text-xl uppercase lg:text-2xl 2xl:text-3xl\">de suivi d&rsquo;entrainement personnel et de cours de cuisine nutritionnelle \u00e0 Lausanne<\/span><\/p>\n<p>[\/et_pb_text][\/et_pb_column][\/et_pb_row][et_pb_row column_structure=\u00a0\u00bb1_3,1_3,1_3&Prime; _builder_version=\u00a0\u00bb4.27.2&Prime; _module_preset=\u00a0\u00bbdefault\u00a0\u00bb max_width=\u00a0\u00bb2560px\u00a0\u00bb global_colors_info=\u00a0\u00bb{}\u00a0\u00bb][et_pb_column type=\u00a0\u00bb1_3&Prime; _builder_version=\u00a0\u00bb4.27.2&Prime; _module_preset=\u00a0\u00bbdefault\u00a0\u00bb global_colors_info=\u00a0\u00bb{}\u00a0\u00bb][et_pb_blurb image=\u00a0\u00bbhttps:\/\/cookandlift.ch\/wp-content\/uploads\/2024\/10\/temoignage-12.jpeg\u00a0\u00bb alt=\u00a0\u00bbtemoignage 12&Prime; icon_placement=\u00a0\u00bbleft\u00a0\u00bb image_icon_width=\u00a0\u00bb100px\u00a0\u00bb _builder_version=\u00a0\u00bb4.27.2&Prime; _module_preset=\u00a0\u00bbdefault\u00a0\u00bb header_font=\u00a0\u00bb||||||||\u00a0\u00bb body_font=\u00a0\u00bb|700|||||||\u00a0\u00bb body_font_size=\u00a0\u00bb22px\u00a0\u00bb border_radii_image=\u00a0\u00bbon|300px|300px|300px|300px\u00a0\u00bb global_colors_info=\u00a0\u00bb{}\u00a0\u00bb]<\/p>\n<p><span>Maureen Brugger<\/span><br \/><img loading=\"lazy\" decoding=\"async\" src=\"https:\/\/cookandlift.ch\/wp-content\/uploads\/2024\/10\/thinkpad_2024-10-18_10.jpg\" width=\"120\" height=\"27\" alt=\"thinkpad 2024 10 18 #10\" class=\"wp-image-139 size-full\" \/><\/p>\n<p>[\/et_pb_blurb][et_pb_text _builder_version=\u00a0\u00bb4.27.2&Prime; _module_preset=\u00a0\u00bbdefault\u00a0\u00bb global_colors_info=\u00a0\u00bb{}\u00a0\u00bb]<\/p>\n<p><span>Mes entrainements avec Aubrey ont chang\u00e9 ma vie. J&rsquo;ai plus de 50 ans et ai pris plus de 7 kgs pendant le Covid. Je lutte \u00e9galement contre des maux de dos chroniques, j&rsquo;ai une canne Herrington dans le dos qui limite ma mobilit\u00e9. Malgr\u00e9 des exercices pour soulager mon dos et un r\u00e9gime que j&rsquo;ai entrepris, rien n&rsquo;a fonctionn\u00e9\u00a0! J&rsquo;ai commenc\u00e9 \u00e0 m&rsquo;entrainer avec Aubrey 2 fois par semaine au non stop gym, suivi ses conseils alimentaire et j&rsquo;ai constat\u00e9 une perte de poids r\u00e9guli\u00e8re. Mes probl\u00e8mes de dos se sont \u00e9galement consid\u00e9rablement am\u00e9lior\u00e9s. Aubrey est tr\u00e8s comp\u00e9tant, amical et sait rendre ses s\u00e9ances de travail ludiques et vari\u00e9es. Il a su adapter les exercices \u00e0 mon manque de mobilit\u00e9 et je peux enfin faire des abdos. J&rsquo;ai pu \u00e9galement continu\u00e9 \u00e0 m&rsquo;entrainer via Skype lors de mon s\u00e9jour aux Etats Unis et je suis ravie qu&rsquo;il ait pu me proposer ce service. Je recommande Aubrey ,coach et nutritionniste comp\u00e9tant, \u00e0 tous ceux qui cherchent \u00e0 perdre du poids ou simplement a maintenir un mode de vie sain.<\/span><\/p>\n<p>[\/et_pb_text][\/et_pb_column][et_pb_column type=\u00a0\u00bb1_3&Prime; _builder_version=\u00a0\u00bb4.27.2&Prime; _module_preset=\u00a0\u00bbdefault\u00a0\u00bb global_colors_info=\u00a0\u00bb{}\u00a0\u00bb][et_pb_blurb image=\u00a0\u00bbhttps:\/\/cookandlift.ch\/wp-content\/uploads\/2024\/10\/temoignage-14.jpeg\u00a0\u00bb alt=\u00a0\u00bbtemoignage 14&Prime; icon_placement=\u00a0\u00bbleft\u00a0\u00bb image_icon_width=\u00a0\u00bb100px\u00a0\u00bb _builder_version=\u00a0\u00bb4.27.2&Prime; _module_preset=\u00a0\u00bbdefault\u00a0\u00bb header_font=\u00a0\u00bb||||||||\u00a0\u00bb body_font=\u00a0\u00bb|700|||||||\u00a0\u00bb body_font_size=\u00a0\u00bb22px\u00a0\u00bb border_radii_image=\u00a0\u00bbon|300px|300px|300px|300px\u00a0\u00bb global_colors_info=\u00a0\u00bb{}\u00a0\u00bb]<\/p>\n<p><span>Jason Tay<\/span><br \/><img loading=\"lazy\" decoding=\"async\" src=\"https:\/\/cookandlift.ch\/wp-content\/uploads\/2024\/10\/thinkpad_2024-10-18_10.jpg\" width=\"120\" height=\"27\" alt=\"thinkpad 2024 10 18 #10\" class=\"wp-image-139 size-full\" \/><\/p>\n<p>[\/et_pb_blurb][et_pb_text _builder_version=\u00a0\u00bb4.27.2&Prime; _module_preset=\u00a0\u00bbdefault\u00a0\u00bb global_colors_info=\u00a0\u00bb{}\u00a0\u00bb]<\/p>\n<p><span>Aubrey est un coach et nutritionniste hautement professionnelle. Il est non seulement cr\u00e9atif dans son approche, et sa connaissance du fitness et de la nutrition est sans \u00e9gal. Gr\u00e2ce \u00e0 sa capacite de comprendre les besoins des clients et a sa vaste exp\u00e9rience, il est capable de personnaliser les programmes pour des personnes ayant des besoins et des niveaux de forme physique tr\u00e8s vari\u00e9s. Il sait motiver ses client et les pousser \u00e0 leurs limites, il sait \u00e9galement les motiver tout au long du programme. Ses comp\u00e9tences culinaires toujours savoureuses et cr\u00e9atives permettent de red\u00e9finir une alimentation saine. Je n&rsquo;h\u00e9site pas \u00e0 recommander Aubrey \u00e0 quiconque souhaite rester en forme et en bonne sant\u00e9. Il est le meilleur entraineur personnel et nutritionniste avec qui j&rsquo;ai travaill\u00e9\u00a0!<\/span><\/p>\n<p>[\/et_pb_text][\/et_pb_column][et_pb_column type=\u00a0\u00bb1_3&Prime; _builder_version=\u00a0\u00bb4.27.2&Prime; _module_preset=\u00a0\u00bbdefault\u00a0\u00bb global_colors_info=\u00a0\u00bb{}\u00a0\u00bb][et_pb_blurb image=\u00a0\u00bbhttps:\/\/cookandlift.ch\/wp-content\/uploads\/2024\/10\/temoignage-13.jpeg\u00a0\u00bb alt=\u00a0\u00bbtemoignage 13&Prime; icon_placement=\u00a0\u00bbleft\u00a0\u00bb image_icon_width=\u00a0\u00bb100px\u00a0\u00bb _builder_version=\u00a0\u00bb4.27.2&Prime; _module_preset=\u00a0\u00bbdefault\u00a0\u00bb header_font=\u00a0\u00bb||||||||\u00a0\u00bb body_font=\u00a0\u00bb|700|||||||\u00a0\u00bb body_font_size=\u00a0\u00bb22px\u00a0\u00bb border_radii_image=\u00a0\u00bbon|300px|300px|300px|300px\u00a0\u00bb global_colors_info=\u00a0\u00bb{}\u00a0\u00bb]<\/p>\n<p><span>Dr. Parameswaran <br \/>Kamalaruban<\/span><br \/><img loading=\"lazy\" decoding=\"async\" src=\"https:\/\/cookandlift.ch\/wp-content\/uploads\/2024\/10\/thinkpad_2024-10-18_10.jpg\" width=\"120\" height=\"27\" alt=\"thinkpad 2024 10 18 #10\" class=\"wp-image-139 size-full\" \/><\/p>\n<p>[\/et_pb_blurb][et_pb_text _builder_version=\u00a0\u00bb4.27.2&Prime; _module_preset=\u00a0\u00bbdefault\u00a0\u00bb global_colors_info=\u00a0\u00bb{}\u00a0\u00bb]<\/p>\n<p><span>Je travaille en tant que chercheur scientifique et j&rsquo;ai travers\u00e9 une p\u00e9riode stressante a la mi 2020. J&rsquo;ai d\u00e9cid\u00e9 de faire une activit\u00e9 physique pour me d\u00e9stresser. Quand j&rsquo;ai commenc\u00e9 \u00e0 m&rsquo;entrainer avec Aubrey au non stop gym, j&rsquo;\u00e9tais un d\u00e9butant absolu et je n&rsquo;avais pas la confiance n\u00e9cessaire pour m&rsquo;entrainer r\u00e9guli\u00e8rement. Aubrey est un coach tr\u00e8s zen qui a su me motiver et \u00e9valuer mes comp\u00e9tences d\u00e8s le d\u00e9but de nos entrainements, j&rsquo;ai progress\u00e9 gr\u00e2ce \u00e0 ses conseils et un plan d&rsquo;entrainement adapte \u00e0 mes capacit\u00e9s. Il a suivi mes progr\u00e8s et m&rsquo;a motiv\u00e9 \u00e0 repousser mes limites, il m&rsquo;a \u00e9galement conseill\u00e9 un r\u00e9gime alimentaire. Aujourd&rsquo;hui je m&rsquo;entraine de mani\u00e8re ind\u00e9pendante et c&rsquo;est une routine quotidienne, je me sens plus en forme physiquement et mentalement. Je remercie Aubrey d&rsquo;avoir eu un impact positif sur ma vie et je le recommande vivement en tant que coach personnel\u00a0!<\/span><\/p>\n<p>[\/et_pb_text][\/et_pb_column][\/et_pb_row][et_pb_row column_structure=\u00a0\u00bb1_3,1_3,1_3&Prime; _builder_version=\u00a0\u00bb4.27.2&Prime; _module_preset=\u00a0\u00bbdefault\u00a0\u00bb max_width=\u00a0\u00bb2560px\u00a0\u00bb global_colors_info=\u00a0\u00bb{}\u00a0\u00bb][et_pb_column type=\u00a0\u00bb1_3&Prime; _builder_version=\u00a0\u00bb4.27.2&Prime; _module_preset=\u00a0\u00bbdefault\u00a0\u00bb global_colors_info=\u00a0\u00bb{}\u00a0\u00bb][et_pb_blurb image=\u00a0\u00bbhttps:\/\/cookandlift.ch\/wp-content\/uploads\/2024\/10\/temoignage-14.jpg\u00a0\u00bb alt=\u00a0\u00bbtemoignage 14&Prime; icon_placement=\u00a0\u00bbleft\u00a0\u00bb image_icon_width=\u00a0\u00bb100px\u00a0\u00bb _builder_version=\u00a0\u00bb4.27.2&Prime; _module_preset=\u00a0\u00bbdefault\u00a0\u00bb header_font=\u00a0\u00bb||||||||\u00a0\u00bb body_font=\u00a0\u00bb|700|||||||\u00a0\u00bb body_font_size=\u00a0\u00bb22px\u00a0\u00bb border_radii_image=\u00a0\u00bbon|300px|300px|300px|300px\u00a0\u00bb global_colors_info=\u00a0\u00bb{}\u00a0\u00bb]<\/p>\n<p><span>Alexandre Broennimann<\/span><br \/><img loading=\"lazy\" decoding=\"async\" src=\"https:\/\/cookandlift.ch\/wp-content\/uploads\/2024\/10\/thinkpad_2024-10-18_10.jpg\" width=\"120\" height=\"27\" alt=\"thinkpad 2024 10 18 #10\" class=\"wp-image-139 size-full\" \/><\/p>\n<p>[\/et_pb_blurb][et_pb_text _builder_version=\u00a0\u00bb4.27.2&Prime; _module_preset=\u00a0\u00bbdefault\u00a0\u00bb global_colors_info=\u00a0\u00bb{}\u00a0\u00bb]<\/p>\n<p><span>Merci \u00e0 Aubrey pour ses s\u00e9ances coaching personnalis\u00e9es et \u00e0 la hauteur de mes attentes. Coach motivant, appliqu\u00e9 et \u00e0 l&rsquo;\u00e9coute de mes demandes et de mes objectifs. Sa disponibilit\u00e9 et sa flexibilit\u00e9 est un atout. Je suis tr\u00e8s satisfait des r\u00e9sultats, et des progr\u00e8s que j&rsquo;ai pu effectuer depuis le d\u00e9but. Cela m&rsquo;a permis de m&rsquo;encourager durant des s\u00e9ances plus difficiles et aussi gr\u00e2ce au soutien et aux bons conseils d&rsquo;Aubrey, \u00e0 la fois lors des entra\u00eenements et sur le plan alimentaire. La variation des exercices lors des s\u00e9ances d&rsquo;entra\u00eenement et l&rsquo;investissement d&rsquo;Aubrey m&rsquo;ont permis \u00e9galement de me surpasser. Je le recommande vivement si vous voulez des r\u00e9sultats rapides et des s\u00e9ances efficaces et adapt\u00e9es \u00e0 votre niveau !<\/span><\/p>\n<p>[\/et_pb_text][\/et_pb_column][et_pb_column type=\u00a0\u00bb1_3&Prime; _builder_version=\u00a0\u00bb4.27.2&Prime; _module_preset=\u00a0\u00bbdefault\u00a0\u00bb global_colors_info=\u00a0\u00bb{}\u00a0\u00bb][et_pb_blurb image=\u00a0\u00bbhttps:\/\/cookandlift.ch\/wp-content\/uploads\/2024\/10\/temoignage-13.jpg\u00a0\u00bb alt=\u00a0\u00bbtemoignage 13&Prime; icon_placement=\u00a0\u00bbleft\u00a0\u00bb image_icon_width=\u00a0\u00bb100px\u00a0\u00bb _builder_version=\u00a0\u00bb4.27.2&Prime; _module_preset=\u00a0\u00bbdefault\u00a0\u00bb header_font=\u00a0\u00bb||||||||\u00a0\u00bb body_font=\u00a0\u00bb|700|||||||\u00a0\u00bb body_font_size=\u00a0\u00bb22px\u00a0\u00bb border_radii_image=\u00a0\u00bbon|300px|300px|300px|300px\u00a0\u00bb global_colors_info=\u00a0\u00bb{}\u00a0\u00bb]<\/p>\n<p><span>Michela Cocco<\/span><br \/><img loading=\"lazy\" decoding=\"async\" src=\"https:\/\/cookandlift.ch\/wp-content\/uploads\/2024\/10\/thinkpad_2024-10-18_10.jpg\" width=\"120\" height=\"27\" alt=\"thinkpad 2024 10 18 #10\" class=\"wp-image-139 size-full\" \/><\/p>\n<p>[\/et_pb_blurb][et_pb_text _builder_version=\u00a0\u00bb4.27.2&Prime; _module_preset=\u00a0\u00bbdefault\u00a0\u00bb global_colors_info=\u00a0\u00bb{}\u00a0\u00bb]<\/p>\n<p><span>Passant la plupart de mes journ\u00e9es dans un bureau ou en d\u00e9placement pour le travail, je cherchais une solution pour garder un corps tonique de mani\u00e8re rapide et efficace. J&rsquo;ai rencontr\u00e9 Aubrey au non stop gym \u00e0 proximit\u00e9 de mon lieu de travail. Il m&rsquo;a convaincu qu&rsquo;avec sa m\u00e9thode et nouvelle di\u00e8te, j&rsquo;atteindrai mes objectifs en m&rsquo;entrainant 2 fois par semaine. Malgr\u00e9 des s\u00e9ances matinales, Aubrey a su m&rsquo;encourager, il m&rsquo;a appris des moyens techniques pour corriger ma posture, renforcer les muscles du dos et du tronc et changer mon alimentation et mode de vie en m&rsquo;initiant au jeune intermittent. J&rsquo;ai r\u00e9ussi a perdre 8 kgs et \u00e0 gagner 3 kgs de muscles. Gr\u00e2ce \u00e0 Aubrey, je suis totalement ind\u00e9pendante dans mon alimentation et mon entrainement, et j&rsquo;ai su maintenir mon poids.<\/span><\/p>\n<p>[\/et_pb_text][\/et_pb_column][et_pb_column type=\u00a0\u00bb1_3&Prime; _builder_version=\u00a0\u00bb4.27.2&Prime; _module_preset=\u00a0\u00bbdefault\u00a0\u00bb global_colors_info=\u00a0\u00bb{}\u00a0\u00bb][et_pb_blurb image=\u00a0\u00bbhttps:\/\/cookandlift.ch\/wp-content\/uploads\/2024\/10\/temoignage-10.jpg\u00a0\u00bb alt=\u00a0\u00bbtemoignage 10&Prime; icon_placement=\u00a0\u00bbleft\u00a0\u00bb image_icon_width=\u00a0\u00bb100px\u00a0\u00bb _builder_version=\u00a0\u00bb4.27.2&Prime; _module_preset=\u00a0\u00bbdefault\u00a0\u00bb header_font=\u00a0\u00bb||||||||\u00a0\u00bb body_font=\u00a0\u00bb|700|||||||\u00a0\u00bb body_font_size=\u00a0\u00bb22px\u00a0\u00bb border_radii_image=\u00a0\u00bbon|300px|300px|300px|300px\u00a0\u00bb global_colors_info=\u00a0\u00bb{}\u00a0\u00bb]<\/p>\n<p><span>Roger Renevier<\/span><br \/><img loading=\"lazy\" decoding=\"async\" src=\"https:\/\/cookandlift.ch\/wp-content\/uploads\/2024\/10\/thinkpad_2024-10-18_10.jpg\" width=\"120\" height=\"27\" alt=\"thinkpad 2024 10 18 #10\" class=\"wp-image-139 size-full\" \/><\/p>\n<p>[\/et_pb_blurb][et_pb_text _builder_version=\u00a0\u00bb4.27.2&Prime; _module_preset=\u00a0\u00bbdefault\u00a0\u00bb global_colors_info=\u00a0\u00bb{}\u00a0\u00bb]<\/p>\n<p><span>Suite \u00e0 un probl\u00e8me physique j&rsquo;ai \u00e9t\u00e9 amen\u00e9 \u00e0 contacter un coach fitness. En parall\u00e8le je souhaitais \u00e9galement renforcer ma musculature. Pour ma part l&rsquo;accent devait \u00eatre mis principalement sur un \u00e9quilibre des exercices entre soin, renfort et progression. J&rsquo;ai trouv\u00e9 avec Aubrey une \u00e9coute attentive, professionnelle, et une mise en \u0153uvre des exercices correspondant \u00e0 mes souhaits. Toutefois cela ne signifie en rien que le coach n&rsquo;a pas d&rsquo;exigences, eh oui !. Au fil des s\u00e9ances j&rsquo;ai pu appr\u00e9cier ses qualit\u00e9s de coach et sa constance dans la recherche d&rsquo;exercices appropri\u00e9s.<\/span><\/p>\n<p>[\/et_pb_text][\/et_pb_column][\/et_pb_row][et_pb_row column_structure=\u00a0\u00bb1_3,1_3,1_3&Prime; _builder_version=\u00a0\u00bb4.27.2&Prime; _module_preset=\u00a0\u00bbdefault\u00a0\u00bb max_width=\u00a0\u00bb2560px\u00a0\u00bb locked=\u00a0\u00bboff\u00a0\u00bb global_colors_info=\u00a0\u00bb{}\u00a0\u00bb][et_pb_column type=\u00a0\u00bb1_3&Prime; _builder_version=\u00a0\u00bb4.27.2&Prime; _module_preset=\u00a0\u00bbdefault\u00a0\u00bb global_colors_info=\u00a0\u00bb{}\u00a0\u00bb][et_pb_blurb image=\u00a0\u00bbhttps:\/\/cookandlift.ch\/wp-content\/uploads\/2024\/10\/temoignage.jpeg\u00a0\u00bb alt=\u00a0\u00bbtemoignage\u00a0\u00bb icon_placement=\u00a0\u00bbleft\u00a0\u00bb image_icon_width=\u00a0\u00bb100px\u00a0\u00bb _builder_version=\u00a0\u00bb4.27.2&Prime; _module_preset=\u00a0\u00bbdefault\u00a0\u00bb header_font=\u00a0\u00bb||||||||\u00a0\u00bb body_font=\u00a0\u00bb|700|||||||\u00a0\u00bb body_font_size=\u00a0\u00bb22px\u00a0\u00bb border_radii_image=\u00a0\u00bbon|300px|300px|300px|300px\u00a0\u00bb global_colors_info=\u00a0\u00bb{}\u00a0\u00bb]<\/p>\n<p>Carole Beck<br \/><img loading=\"lazy\" decoding=\"async\" src=\"https:\/\/cookandlift.ch\/wp-content\/uploads\/2024\/10\/thinkpad_2024-10-18_10.jpg\" width=\"120\" height=\"27\" alt=\"thinkpad 2024 10 18 #10\" class=\"wp-image-139 size-full\" \/><\/p>\n<p>[\/et_pb_blurb][et_pb_text _builder_version=\u00a0\u00bb4.27.2&Prime; _module_preset=\u00a0\u00bbdefault\u00a0\u00bb global_colors_info=\u00a0\u00bb{}\u00a0\u00bb]<\/p>\n<p><span>Aubrey est un excellent professeur, assidu et pers\u00e9v\u00e9rant qui m&rsquo;a toujours motiv\u00e9, m\u00eame au plus bas de ma forme. Il est d&rsquo;humeur \u00e9gale, ponctuel et tr\u00e8s pro surtout quand il s&rsquo;agit de se challenger pour obtenir le meilleur de soi-m\u00eame. Ses connaissances sur la nutrition et l&rsquo;hygi\u00e8ne de vie m&rsquo;ont permis d&rsquo;adopter le r\u00e9gime c\u00e9tog\u00e8ne et de garder la ligne. Une belle rencontre avec un amoureux du sport, pr\u00e9cis et rigoureux qui nous aide \u00e0 nous d\u00e9passer, pour le meilleur et en \u00e9vitant le pire !<\/span><\/p>\n<p>[\/et_pb_text][\/et_pb_column][et_pb_column type=\u00a0\u00bb1_3&Prime; _builder_version=\u00a0\u00bb4.27.2&Prime; _module_preset=\u00a0\u00bbdefault\u00a0\u00bb global_colors_info=\u00a0\u00bb{}\u00a0\u00bb][et_pb_blurb image=\u00a0\u00bbhttps:\/\/cookandlift.ch\/wp-content\/uploads\/2024\/10\/temoignage-8.jpg\u00a0\u00bb alt=\u00a0\u00bbtemoignage 8&Prime; icon_placement=\u00a0\u00bbleft\u00a0\u00bb image_icon_width=\u00a0\u00bb100px\u00a0\u00bb _builder_version=\u00a0\u00bb4.27.2&Prime; _module_preset=\u00a0\u00bbdefault\u00a0\u00bb header_font=\u00a0\u00bb||||||||\u00a0\u00bb body_font=\u00a0\u00bb|700|||||||\u00a0\u00bb body_font_size=\u00a0\u00bb22px\u00a0\u00bb border_radii_image=\u00a0\u00bbon|300px|300px|300px|300px\u00a0\u00bb global_colors_info=\u00a0\u00bb{}\u00a0\u00bb]<\/p>\n<p><span>Olivier M.<\/span><br \/><img loading=\"lazy\" decoding=\"async\" src=\"https:\/\/cookandlift.ch\/wp-content\/uploads\/2024\/10\/thinkpad_2024-10-18_10.jpg\" width=\"120\" height=\"27\" alt=\"thinkpad 2024 10 18 #10\" class=\"wp-image-139 size-full\" \/><\/p>\n<p>[\/et_pb_blurb][et_pb_text _builder_version=\u00a0\u00bb4.27.2&Prime; _module_preset=\u00a0\u00bbdefault\u00a0\u00bb global_colors_info=\u00a0\u00bb{}\u00a0\u00bb]<\/p>\n<p><span>Mon objectif \u00e9tait de r\u00e9duire les douleurs dorsales chroniques typiques du nerd devant son laptop, de d\u00e9passer un \u00e9tat de larve an\u00e9mique et d\u00e9velopper une musculature plus \u00e9quilibr\u00e9e. Aubrey a su d\u00e9velopper une approche sur-mesure qui s&rsquo;est r\u00e9v\u00e9l\u00e9e un succ\u00e8s. Les maux de dos ont substantiellement diminu\u00e9 et j&rsquo;ai atteint un niveau de performance que je ne pensais pas possible. Un autre aspect qui m&rsquo;a particuli\u00e8rement plu dans son offre est la combinaison entre suivi sportif et nutritionnel. Je recommande vivement ses petits plats mijot\u00e9s sous vide. Bref, je suis ravi des progr\u00e8s accomplis et du r\u00e9sultat.<\/span><\/p>\n<p>[\/et_pb_text][\/et_pb_column][et_pb_column type=\u00a0\u00bb1_3&Prime; _builder_version=\u00a0\u00bb4.27.2&Prime; _module_preset=\u00a0\u00bbdefault\u00a0\u00bb global_colors_info=\u00a0\u00bb{}\u00a0\u00bb][et_pb_blurb image=\u00a0\u00bbhttps:\/\/cookandlift.ch\/wp-content\/uploads\/2024\/10\/temoignage-7.jpg\u00a0\u00bb alt=\u00a0\u00bbtemoignage 7&Prime; icon_placement=\u00a0\u00bbleft\u00a0\u00bb image_icon_width=\u00a0\u00bb100px\u00a0\u00bb _builder_version=\u00a0\u00bb4.27.2&Prime; _module_preset=\u00a0\u00bbdefault\u00a0\u00bb header_font=\u00a0\u00bb||||||||\u00a0\u00bb body_font=\u00a0\u00bb|700|||||||\u00a0\u00bb body_font_size=\u00a0\u00bb22px\u00a0\u00bb border_radii_image=\u00a0\u00bbon|300px|300px|300px|300px\u00a0\u00bb global_colors_info=\u00a0\u00bb{}\u00a0\u00bb]<\/p>\n<p><span>Jean-Maurice Chesaux<\/span><br \/><img loading=\"lazy\" decoding=\"async\" src=\"https:\/\/cookandlift.ch\/wp-content\/uploads\/2024\/10\/thinkpad_2024-10-18_10.jpg\" width=\"120\" height=\"27\" alt=\"thinkpad 2024 10 18 #10\" class=\"wp-image-139 size-full\" \/><\/p>\n<p>[\/et_pb_blurb][et_pb_text _builder_version=\u00a0\u00bb4.27.2&Prime; _module_preset=\u00a0\u00bbdefault\u00a0\u00bb global_colors_info=\u00a0\u00bb{}\u00a0\u00bb]<\/p>\n<p><span>Alors que malgr\u00e9 des s\u00e9ances r\u00e9guli\u00e8res de cardio, je prenais r\u00e9guli\u00e8rement du poids. J&rsquo;ai d\u00e9cid\u00e9 alors d&rsquo;essayer les s\u00e9ances avec Aubrey. Les r\u00e9sultats ont \u00e9t\u00e9 imm\u00e9diats : gr\u00e2ce \u00e0 des s\u00e9ances r\u00e9guli\u00e8res avec lui (2 fois par semaine), associ\u00e9e \u00e0 ces conseils en nutrition, j&rsquo;ai rapidement perdu du poids, jusqu&rsquo;\u00e0 perdre une dizaine de kilos. Puis \u00e0 force d&rsquo;entra\u00eenement, j&rsquo;ai repris quelques kilos, mais due \u00e0 une masse musculaire en augmentation, car les centim\u00e8tres de tour de taille ont continu\u00e9 \u00e0 diminuer. Le savoir acquis au fil de ces s\u00e9ances avec Aubrey continue \u00e0 me servir actuellement, aussi bien lors de mes s\u00e9ances de sport qu&rsquo;au niveau du contr\u00f4le de l&rsquo;alimentation, tout en permettant de se faire plaisir de temps en temps.<\/span><\/p>\n<p>[\/et_pb_text][\/et_pb_column][\/et_pb_row][et_pb_row column_structure=\u00a0\u00bb1_3,1_3,1_3&Prime; _builder_version=\u00a0\u00bb4.27.2&Prime; _module_preset=\u00a0\u00bbdefault\u00a0\u00bb max_width=\u00a0\u00bb2560px\u00a0\u00bb locked=\u00a0\u00bboff\u00a0\u00bb global_colors_info=\u00a0\u00bb{}\u00a0\u00bb][et_pb_column type=\u00a0\u00bb1_3&Prime; _builder_version=\u00a0\u00bb4.27.2&Prime; _module_preset=\u00a0\u00bbdefault\u00a0\u00bb global_colors_info=\u00a0\u00bb{}\u00a0\u00bb][et_pb_blurb image=\u00a0\u00bbhttps:\/\/cookandlift.ch\/wp-content\/uploads\/2024\/10\/temoignage-8.jpeg\u00a0\u00bb alt=\u00a0\u00bbtemoignage 8&Prime; icon_placement=\u00a0\u00bbleft\u00a0\u00bb image_icon_width=\u00a0\u00bb100px\u00a0\u00bb _builder_version=\u00a0\u00bb4.27.2&Prime; _module_preset=\u00a0\u00bbdefault\u00a0\u00bb header_font=\u00a0\u00bb||||||||\u00a0\u00bb body_font=\u00a0\u00bb|700|||||||\u00a0\u00bb body_font_size=\u00a0\u00bb22px\u00a0\u00bb border_radii_image=\u00a0\u00bbon|300px|300px|300px|300px\u00a0\u00bb global_colors_info=\u00a0\u00bb{}\u00a0\u00bb]<\/p>\n<p><span>Blaise Meyrat<\/span><br \/><img loading=\"lazy\" decoding=\"async\" src=\"https:\/\/cookandlift.ch\/wp-content\/uploads\/2024\/10\/thinkpad_2024-10-18_10.jpg\" width=\"120\" height=\"27\" alt=\"thinkpad 2024 10 18 #10\" class=\"wp-image-139 size-full\" \/><\/p>\n<p>[\/et_pb_blurb][et_pb_text _builder_version=\u00a0\u00bb4.27.2&Prime; _module_preset=\u00a0\u00bbdefault\u00a0\u00bb global_colors_info=\u00a0\u00bb{}\u00a0\u00bb]<\/p>\n<p><span>Les responsables du fitness dont je suis membre, m&rsquo;ont recommand\u00e9 Aubrey pour un coaching \u00ab souple \u00bb, \u00e0 vis\u00e9e de r\u00e9cup\u00e9ration de la musculature et de travail de maintien de forme. Je suivais alors de la physioth\u00e9rapie \u00e0 raison d&rsquo;une s\u00e9ance par semaine pour des probl\u00e8mes d&rsquo;arthrose d\u00e9butante. Aubrey m&rsquo;entra\u00eene depuis plus d&rsquo;un an, de fa\u00e7on tr\u00e8s professionnelle, cibl\u00e9e, sans exc\u00e8s et avec d&rsquo;excellentes connaissances de physiologie et d&rsquo;anatomie. Il a, de plus, de tr\u00e8s bonnes connaissances de l&rsquo;alimentation. Depuis le d\u00e9but du coaching, j&rsquo;ai pu r\u00e9duire la fr\u00e9quence des s\u00e9ances de physioth\u00e9rapie avec nette diminutions des sympt\u00f4mes. Ma force musculaire est en nette am\u00e9lioration. Je recommande tr\u00e8s vivement Aubrey comme coach et entra\u00eeneur !<\/span><\/p>\n<p>[\/et_pb_text][\/et_pb_column][et_pb_column type=\u00a0\u00bb1_3&Prime; _builder_version=\u00a0\u00bb4.27.2&Prime; _module_preset=\u00a0\u00bbdefault\u00a0\u00bb global_colors_info=\u00a0\u00bb{}\u00a0\u00bb][et_pb_blurb image=\u00a0\u00bbhttps:\/\/cookandlift.ch\/wp-content\/uploads\/2024\/10\/temoignage-7.jpeg\u00a0\u00bb alt=\u00a0\u00bbtemoignage 7&Prime; icon_placement=\u00a0\u00bbleft\u00a0\u00bb image_icon_width=\u00a0\u00bb100px\u00a0\u00bb _builder_version=\u00a0\u00bb4.27.2&Prime; _module_preset=\u00a0\u00bbdefault\u00a0\u00bb header_font=\u00a0\u00bb||||||||\u00a0\u00bb body_font=\u00a0\u00bb|700|||||||\u00a0\u00bb body_font_size=\u00a0\u00bb22px\u00a0\u00bb border_radii_image=\u00a0\u00bbon|300px|300px|300px|300px\u00a0\u00bb global_colors_info=\u00a0\u00bb{}\u00a0\u00bb]<\/p>\n<p><span>Carlos Mendes<\/span><br \/><img loading=\"lazy\" decoding=\"async\" src=\"https:\/\/cookandlift.ch\/wp-content\/uploads\/2024\/10\/thinkpad_2024-10-18_10.jpg\" width=\"120\" height=\"27\" alt=\"thinkpad 2024 10 18 #10\" class=\"wp-image-139 size-full\" \/><\/p>\n<p>[\/et_pb_blurb][et_pb_text _builder_version=\u00a0\u00bb4.27.2&Prime; _module_preset=\u00a0\u00bbdefault\u00a0\u00bb global_colors_info=\u00a0\u00bb{}\u00a0\u00bb]<\/p>\n<p><span>J&rsquo;ai d\u00e9cid\u00e9 d&rsquo;entreprendre des entrainements et d&rsquo;avoir une alimentation encadr\u00e9s avec un coach car j&rsquo;\u00e9tais en surpoids d&rsquo;au moins 25kg. Je n&rsquo;avais aucune notion dans le fitness et mon alimentation \u00e9tait d\u00e9s\u00e9quilibr\u00e9e. Je suis chauffeur de bus et mon rythme de vie est plut\u00f4t s\u00e9dentaire\u2026 il me fallait des s\u00e9ances efficaces m\u00ealant cardio et musculation. Aubrey m&rsquo;a apport\u00e9 tous les conseils pour am\u00e9liorer mon hygi\u00e8ne de vie, \u00e7a m\u00e9thode d&rsquo;entrainement et sa cuisine m&rsquo;ont permis de changer de vie en l&rsquo;espace d&rsquo;une ann\u00e9e, il m&rsquo;a rajeuni de 10 ann\u00e9es et j&rsquo;ai perdu 20kg.<\/span><\/p>\n<p>[\/et_pb_text][\/et_pb_column][et_pb_column type=\u00a0\u00bb1_3&Prime; _builder_version=\u00a0\u00bb4.27.2&Prime; _module_preset=\u00a0\u00bbdefault\u00a0\u00bb global_colors_info=\u00a0\u00bb{}\u00a0\u00bb][et_pb_blurb image=\u00a0\u00bbhttps:\/\/cookandlift.ch\/wp-content\/uploads\/2024\/10\/temoignage.jpg\u00a0\u00bb alt=\u00a0\u00bbtemoignage\u00a0\u00bb icon_placement=\u00a0\u00bbleft\u00a0\u00bb image_icon_width=\u00a0\u00bb100px\u00a0\u00bb _builder_version=\u00a0\u00bb4.27.2&Prime; _module_preset=\u00a0\u00bbdefault\u00a0\u00bb header_font=\u00a0\u00bb||||||||\u00a0\u00bb body_font=\u00a0\u00bb|700|||||||\u00a0\u00bb body_font_size=\u00a0\u00bb22px\u00a0\u00bb border_radii_image=\u00a0\u00bbon|300px|300px|300px|300px\u00a0\u00bb global_colors_info=\u00a0\u00bb{}\u00a0\u00bb]<\/p>\n<p><span>Philippe Sage<\/span><br \/><img loading=\"lazy\" decoding=\"async\" src=\"https:\/\/cookandlift.ch\/wp-content\/uploads\/2024\/10\/thinkpad_2024-10-18_10.jpg\" width=\"120\" height=\"27\" alt=\"thinkpad 2024 10 18 #10\" class=\"wp-image-139 size-full\" \/><\/p>\n<p>[\/et_pb_blurb][et_pb_text _builder_version=\u00a0\u00bb4.27.2&Prime; _module_preset=\u00a0\u00bbdefault\u00a0\u00bb global_colors_info=\u00a0\u00bb{}\u00a0\u00bb]<\/p>\n<p><span>Aubrey n&rsquo;est pas seulement un coach tr\u00e8s comp\u00e9tent et motivant qui permet de rapidement atteindre ses objectifs. Il a \u00e9galement de profondes connaissances en di\u00e9t\u00e9tique et cuisine et \u00e0 toujours \u00e9t\u00e9 d&rsquo;excellent conseil pour toutes les questions relatives \u00e0 la nutrition et pr\u00e9paration de plats aussi sains que bons.<\/span><\/p>\n<p>[\/et_pb_text][\/et_pb_column][\/et_pb_row][et_pb_row column_structure=\u00a0\u00bb1_3,1_3,1_3&Prime; _builder_version=\u00a0\u00bb4.27.2&Prime; _module_preset=\u00a0\u00bbdefault\u00a0\u00bb max_width=\u00a0\u00bb2560px\u00a0\u00bb locked=\u00a0\u00bboff\u00a0\u00bb global_colors_info=\u00a0\u00bb{}\u00a0\u00bb][et_pb_column type=\u00a0\u00bb1_3&Prime; _builder_version=\u00a0\u00bb4.27.2&Prime; _module_preset=\u00a0\u00bbdefault\u00a0\u00bb global_colors_info=\u00a0\u00bb{}\u00a0\u00bb][et_pb_blurb image=\u00a0\u00bbhttps:\/\/cookandlift.ch\/wp-content\/uploads\/2024\/10\/temoignage-6.jpeg\u00a0\u00bb alt=\u00a0\u00bbtemoignage 6&Prime; icon_placement=\u00a0\u00bbleft\u00a0\u00bb image_icon_width=\u00a0\u00bb100px\u00a0\u00bb _builder_version=\u00a0\u00bb4.27.2&Prime; _module_preset=\u00a0\u00bbdefault\u00a0\u00bb header_font=\u00a0\u00bb||||||||\u00a0\u00bb body_font=\u00a0\u00bb|700|||||||\u00a0\u00bb body_font_size=\u00a0\u00bb22px\u00a0\u00bb border_radii_image=\u00a0\u00bbon|300px|300px|300px|300px\u00a0\u00bb global_colors_info=\u00a0\u00bb{}\u00a0\u00bb]<\/p>\n<p><span>Willem H.<\/span><br \/><img loading=\"lazy\" decoding=\"async\" src=\"https:\/\/cookandlift.ch\/wp-content\/uploads\/2024\/10\/thinkpad_2024-10-18_10.jpg\" width=\"120\" height=\"27\" alt=\"thinkpad 2024 10 18 #10\" class=\"wp-image-139 size-full\" \/><\/p>\n<p>[\/et_pb_blurb][et_pb_text _builder_version=\u00a0\u00bb4.27.2&Prime; _module_preset=\u00a0\u00bbdefault\u00a0\u00bb global_colors_info=\u00a0\u00bb{}\u00a0\u00bb]<\/p>\n<p><span>Aubrey a \u00e9t\u00e9 un entra\u00eeneur tr\u00e8s motivant et adaptable. Non seulement il combine des conseils nutritionnels avec un programme d&rsquo;entra\u00eenement sur mesure pour ses clients, mais il fait \u00e9galement constamment ses propres recherches sur de nouveaux types de m\u00e9thodes d&rsquo;entra\u00eenement, de r\u00e9gimes et d&rsquo;\u00e9coles de pens\u00e9e au sein de l&rsquo;industrie du fitness pour enrichir davantage la vari\u00e9t\u00e9 et l&rsquo;exhaustivit\u00e9 de ses s\u00e9ances. . Cela m&rsquo;a aid\u00e9 \u00e0 construire une solide routine d&rsquo;entra\u00eenement parsem\u00e9e d&rsquo;\u00e9l\u00e9ments de surprise pour garder mon corps au d\u00e9fi et engag\u00e9 d&rsquo;une mani\u00e8re que je n&rsquo;aurais pas pu concevoir moi-m\u00eame.<\/span><\/p>\n<p>[\/et_pb_text][\/et_pb_column][et_pb_column type=\u00a0\u00bb1_3&Prime; _builder_version=\u00a0\u00bb4.27.2&Prime; _module_preset=\u00a0\u00bbdefault\u00a0\u00bb global_colors_info=\u00a0\u00bb{}\u00a0\u00bb][et_pb_blurb image=\u00a0\u00bbhttps:\/\/cookandlift.ch\/wp-content\/uploads\/2024\/10\/temoignage-4.jpeg\u00a0\u00bb alt=\u00a0\u00bbtemoignage 4&Prime; icon_placement=\u00a0\u00bbleft\u00a0\u00bb image_icon_width=\u00a0\u00bb100px\u00a0\u00bb _builder_version=\u00a0\u00bb4.27.2&Prime; _module_preset=\u00a0\u00bbdefault\u00a0\u00bb header_font=\u00a0\u00bb||||||||\u00a0\u00bb body_font=\u00a0\u00bb|700|||||||\u00a0\u00bb body_font_size=\u00a0\u00bb22px\u00a0\u00bb border_radii_image=\u00a0\u00bbon|300px|300px|300px|300px\u00a0\u00bb global_colors_info=\u00a0\u00bb{}\u00a0\u00bb]<\/p>\n<p><span>Carine Fauriel<\/span><br \/><img loading=\"lazy\" decoding=\"async\" src=\"https:\/\/cookandlift.ch\/wp-content\/uploads\/2024\/10\/thinkpad_2024-10-18_10.jpg\" width=\"120\" height=\"27\" alt=\"thinkpad 2024 10 18 #10\" class=\"wp-image-139 size-full\" \/><\/p>\n<p>[\/et_pb_blurb][et_pb_text _builder_version=\u00a0\u00bb4.27.2&Prime; _module_preset=\u00a0\u00bbdefault\u00a0\u00bb global_colors_info=\u00a0\u00bb{}\u00a0\u00bb]<\/p>\n<p><span>D\u00e9cid\u00e9e \u00e0 me remettre en forme physique j&rsquo;ai fait appel \u00e0 un coach sportif, afin d&rsquo;\u00e9viter les mauvaises postures et d&rsquo;\u00eatre efficiente. Apr\u00e8s quelques s\u00e9ances, l&rsquo;envie de bouger est revenue. J&rsquo;ai repris le ski que j&rsquo;avais arr\u00eat\u00e9 suite \u00e0 aux ligaments crois\u00e9s du genou. J&rsquo;ai pu rapidement constater mes progr\u00e8s, plus de cuisses qui chauffent au bout de 3 descentes&#8230; Je pouvais suivre des bons skieurs sans probl\u00e8me. M\u00eame constat lors de randonn\u00e9es en raquettes, je suis capable d&rsquo;effectuer du d\u00e9nivel\u00e9. J&rsquo;ai souvent penser, merci Aubrey apr\u00e8s une longue balade ou une journ\u00e9e \u00e0 ski. Grace \u00e0 sa cr\u00e9ativit\u00e9, son enthousiasme aucun entra\u00eenement est similaire. C&rsquo;est \u00e0 chaque fois une prise en charge personnalis\u00e9e par un professionnel. Aubrey est engag\u00e9 aupr\u00e8s de ses clients, il est flexible, souriant \u00e0 l&rsquo;\u00e9coute. Les bienfaits des s\u00e9ances se constatent aussi bien physiquement que psychologiquement. Cela donne envie de se mettre de nouveaux petits ou grands d\u00e9fis sportifs tout au long de l&rsquo;ann\u00e9e. Bien s\u00fbr, je suis en meilleure condition physique , je me suis aussi d\u00e9lest\u00e9e d&rsquo;environ 10 kg de graisse. Chasser les kilos c&rsquo;est bien mais la chasse aux cm c&rsquo;est encore mieux. Ma silhouette s&rsquo;est affin\u00e9e et tonifi\u00e9e, n&rsquo;h\u00e9sitez pas faites confiance \u00e0 Aubrey.<\/span><\/p>\n<p>[\/et_pb_text][\/et_pb_column][et_pb_column type=\u00a0\u00bb1_3&Prime; _builder_version=\u00a0\u00bb4.27.2&Prime; _module_preset=\u00a0\u00bbdefault\u00a0\u00bb global_colors_info=\u00a0\u00bb{}\u00a0\u00bb][et_pb_blurb image=\u00a0\u00bbhttps:\/\/cookandlift.ch\/wp-content\/uploads\/2024\/10\/temoignage-6.jpg\u00a0\u00bb alt=\u00a0\u00bbtemoignage 6&Prime; icon_placement=\u00a0\u00bbleft\u00a0\u00bb image_icon_width=\u00a0\u00bb100px\u00a0\u00bb _builder_version=\u00a0\u00bb4.27.2&Prime; _module_preset=\u00a0\u00bbdefault\u00a0\u00bb header_font=\u00a0\u00bb||||||||\u00a0\u00bb body_font=\u00a0\u00bb|700|||||||\u00a0\u00bb body_font_size=\u00a0\u00bb22px\u00a0\u00bb border_radii_image=\u00a0\u00bbon|300px|300px|300px|300px\u00a0\u00bb global_colors_info=\u00a0\u00bb{}\u00a0\u00bb]<\/p>\n<p><span>Adrien Kuenzy<\/span><br \/><img loading=\"lazy\" decoding=\"async\" src=\"https:\/\/cookandlift.ch\/wp-content\/uploads\/2024\/10\/thinkpad_2024-10-18_10.jpg\" width=\"120\" height=\"27\" alt=\"thinkpad 2024 10 18 #10\" class=\"wp-image-139 size-full\" \/><\/p>\n<p>[\/et_pb_blurb][et_pb_text _builder_version=\u00a0\u00bb4.27.2&Prime; _module_preset=\u00a0\u00bbdefault\u00a0\u00bb global_colors_info=\u00a0\u00bb{}\u00a0\u00bb]<\/p>\n<p><span>Aubrey m&rsquo;a initi\u00e9 au sport en douceur, en m&rsquo;aidant d\u00e8s le d\u00e9part \u00e0 formuler des objectifs clairs, r\u00e9alistes: augmenter ma masse musculaire, gagner en force et agilit\u00e9, am\u00e9liorer mon alimentation et perdre ma graisse abdominale. Alors que je partais de (quasi) rien, il m&rsquo;a propos\u00e9 un programme qui allie le d\u00e9passement de soi et des p\u00e9riodes de repos n\u00e9cessaires au d\u00e9veloppement du muscle; en alternant les s\u00e9ries longues et courtes, le travail au poids du corps et les poids libres, toujours avec des r\u00e8gles pr\u00e9cises au niveau des repas. Aubrey d\u00e9fend une vision saine et instinctive de la pratique sportive, avec une immense exigence pour la technique. J&rsquo;ai pu ainsi franchir sereinement chaque \u00e9tape de mon entra\u00eenement, avec l&rsquo;assurance que les gestes \u00e9taient bien ex\u00e9cut\u00e9s, me permettant d&rsquo;avancer avec des fondations solides. Apr\u00e8s six mois d&rsquo;entra\u00eenement au non stop gym, j&rsquo;ai atteint les symboliques 50 kilos au d\u00e9velopp\u00e9 couch\u00e9, au soulev\u00e9 de terre et au squat. J&rsquo;ai aussi gagn\u00e9 en confiance, en souplesse, tout en am\u00e9liorant mon endurance. Je ne peux que recommander Aubrey \u00e0 mes amis et toutes personnes d\u00e9sirant un pr\u00e9parateur physique et nutritionniste.<\/span><\/p>\n<p>[\/et_pb_text][\/et_pb_column][\/et_pb_row][\/et_pb_section][et_pb_section fb_built=\u00a0\u00bb1&Prime; _builder_version=\u00a0\u00bb4.27.2&Prime; _module_preset=\u00a0\u00bbdefault\u00a0\u00bb background_color=\u00a0\u00bbrgba(0,0,0,0.63)\u00a0\u00bb background_image=\u00a0\u00bbhttps:\/\/cookandlift.ch\/wp-content\/uploads\/2024\/10\/Coaching.webp\u00a0\u00bb background_blend=\u00a0\u00bbmultiply\u00a0\u00bb custom_margin=\u00a0\u00bb50px||0px||false|false\u00a0\u00bb custom_padding=\u00a0\u00bb0px||0px||false|false\u00a0\u00bb global_colors_info=\u00a0\u00bb{}\u00a0\u00bb][et_pb_row _builder_version=\u00a0\u00bb4.27.2&Prime; _module_preset=\u00a0\u00bbdefault\u00a0\u00bb width=\u00a0\u00bb90%\u00a0\u00bb max_width=\u00a0\u00bb2560px\u00a0\u00bb global_colors_info=\u00a0\u00bb{}\u00a0\u00bb][et_pb_column type=\u00a0\u00bb4_4&Prime; _builder_version=\u00a0\u00bb4.27.2&Prime; _module_preset=\u00a0\u00bbdefault\u00a0\u00bb global_colors_info=\u00a0\u00bb{}\u00a0\u00bb][et_pb_slider _builder_version=\u00a0\u00bb4.27.2&Prime; _module_preset=\u00a0\u00bbdefault\u00a0\u00bb custom_padding=\u00a0\u00bb170px||170px||true|false\u00a0\u00bb custom_padding_tablet=\u00a0\u00bb170px||170px||true|false\u00a0\u00bb custom_padding_phone=\u00a0\u00bb110px||110px||true|false\u00a0\u00bb custom_padding_last_edited=\u00a0\u00bbon|phone\u00a0\u00bb global_colors_info=\u00a0\u00bb{}\u00a0\u00bb][et_pb_slide heading=\u00a0\u00bbPr\u00eat pour un nouveau d\u00e9part ?\u00a0\u00bb button_text=\u00a0\u00bbContactez-moi\u00a0\u00bb _builder_version=\u00a0\u00bb4.27.2&Prime; _module_preset=\u00a0\u00bbdefault\u00a0\u00bb header_level=\u00a0\u00bbh2&Prime; header_font_size=\u00a0\u00bb48px\u00a0\u00bb header_line_height=\u00a0\u00bb1.2em\u00a0\u00bb body_font_size=\u00a0\u00bb24px\u00a0\u00bb body_line_height=\u00a0\u00bb3.2em\u00a0\u00bb background_color=\u00a0\u00bbRGBA(255,255,255,0)\u00a0\u00bb background_enable_color=\u00a0\u00bbon\u00a0\u00bb custom_button=\u00a0\u00bbon\u00a0\u00bb button_text_size=\u00a0\u00bb18px\u00a0\u00bb button_text_color=\u00a0\u00bb#ffffff\u00a0\u00bb button_bg_color=\u00a0\u00bb#1685ad\u00a0\u00bb button_border_width=\u00a0\u00bb0px\u00a0\u00bb button_font=\u00a0\u00bb|700||on|||||\u00a0\u00bb button_use_icon=\u00a0\u00bbon\u00a0\u00bb button_icon=\u00a0\u00bb&#x24;||divi||400&Prime; button_on_hover=\u00a0\u00bboff\u00a0\u00bb button_custom_margin=\u00a0\u00bb||||false|false\u00a0\u00bb button_custom_padding=\u00a0\u00bb10px|60px|13px|30px|false|false\u00a0\u00bb header_font_size_tablet=\u00a0\u00bb48px\u00a0\u00bb header_font_size_phone=\u00a0\u00bb25px\u00a0\u00bb header_font_size_last_edited=\u00a0\u00bbon|phone\u00a0\u00bb body_font_size_tablet=\u00a0\u00bb24px\u00a0\u00bb body_font_size_phone=\u00a0\u00bb16px\u00a0\u00bb body_font_size_last_edited=\u00a0\u00bbon|phone\u00a0\u00bb body_line_height_tablet=\u00a0\u00bb3.2em\u00a0\u00bb body_line_height_phone=\u00a0\u00bb1.3em\u00a0\u00bb body_line_height_last_edited=\u00a0\u00bbon|phone\u00a0\u00bb box_shadow_style_button=\u00a0\u00bbpreset7&Prime; box_shadow_horizontal_button=\u00a0\u00bb0px\u00a0\u00bb box_shadow_vertical_button=\u00a0\u00bb-3px\u00a0\u00bb global_colors_info=\u00a0\u00bb{}\u00a0\u00bb button_text_color__hover_enabled=\u00a0\u00bbon|desktop\u00a0\u00bb button_text_color__hover=\u00a0\u00bb#000000&Prime; button_bg_color__hover_enabled=\u00a0\u00bbon|hover\u00a0\u00bb button_bg_color__hover=\u00a0\u00bb#b1e71d\u00a0\u00bb button_bg_enable_color__hover=\u00a0\u00bbon\u00a0\u00bb sticky_transition=\u00a0\u00bbon\u00a0\u00bb]<\/p>\n<p><span>Contactez moi pour vos s\u00e9ances d&rsquo;entra\u00eenement et vos cours de cuisine \u00e0 Lausanne<\/span><\/p>\n<p>[\/et_pb_slide][\/et_pb_slider][\/et_pb_column][\/et_pb_row][\/et_pb_section]<\/p>\n","protected":false},"excerpt":{"rendered":"<p>T\u00e9moignages partag\u00e9s de suivi d&rsquo;entrainement personnel et de cours de cuisine nutritionnelle \u00e0 LausanneMaureen BruggerMes entrainements avec Aubrey ont chang\u00e9 ma vie. J&rsquo;ai plus de 50 ans et ai pris plus de 7 kgs pendant le Covid. Je lutte \u00e9galement contre des maux de dos chroniques, j&rsquo;ai une canne Herrington dans le dos qui limite [&hellip;]<\/p>\n","protected":false},"author":1,"featured_media":0,"parent":0,"menu_order":50,"comment_status":"closed","ping_status":"closed","template":"","meta":{"_et_pb_use_builder":"on","_et_pb_old_content":"<!-- wp:divi\/placeholder \/-->","_et_gb_content_width":"","footnotes":""},"class_list":["post-18","page","type-page","status-publish","hentry"],"yoast_head":"<!-- This site is optimized with the Yoast SEO plugin v27.5 - https:\/\/yoast.com\/product\/yoast-seo-wordpress\/ -->\n<title>Cook &amp; Lift \u00b7 Coach sportif et nutritionnel \u00e0 Lausanne<\/title>\n<meta name=\"description\" content=\"Cook and Lift, votre coach sportif \u00e0 Lausanne: un entra\u00eenement rigoureux et sur-mesure, accompagn\u00e9 d&#039;un plan nutritionnel adapt\u00e9 \u00e0 vos objectifs.\" \/>\n<meta name=\"robots\" content=\"index, follow, max-snippet:-1, max-image-preview:large, max-video-preview:-1\" \/>\n<link rel=\"canonical\" href=\"https:\/\/cookandlift.ch\/en\/temoignages\/\" \/>\n<meta property=\"og:locale\" content=\"en_GB\" \/>\n<meta property=\"og:type\" content=\"article\" \/>\n<meta property=\"og:title\" content=\"Cook &amp; Lift \u00b7 Coach sportif et nutritionnel \u00e0 Lausanne\" \/>\n<meta property=\"og:description\" content=\"Cook and Lift, votre coach sportif \u00e0 Lausanne: un entra\u00eenement rigoureux et sur-mesure, accompagn\u00e9 d&#039;un plan nutritionnel adapt\u00e9 \u00e0 vos objectifs.\" \/>\n<meta property=\"og:url\" content=\"https:\/\/cookandlift.ch\/en\/temoignages\/\" \/>\n<meta property=\"og:site_name\" content=\"Cook And Lift\" \/>\n<meta property=\"article:modified_time\" content=\"2025-02-26T07:57:18+00:00\" \/>\n<meta property=\"og:image\" content=\"https:\/\/cookandlift.ch\/wp-content\/uploads\/2024\/10\/thinkpad_2024-10-18_10.jpg\" \/>\n<meta name=\"twitter:card\" content=\"summary_large_image\" \/>\n<meta name=\"twitter:label1\" content=\"Estimated reading time\" \/>\n\t<meta name=\"twitter:data1\" content=\"21 minutes\" \/>\n<script type=\"application\/ld+json\" class=\"yoast-schema-graph\">{\"@context\":\"https:\\\/\\\/schema.org\",\"@graph\":[{\"@type\":\"WebPage\",\"@id\":\"https:\\\/\\\/cookandlift.ch\\\/temoignages\\\/\",\"url\":\"https:\\\/\\\/cookandlift.ch\\\/temoignages\\\/\",\"name\":\"Cook & Lift \u00b7 Coach sportif et nutritionnel \u00e0 Lausanne\",\"isPartOf\":{\"@id\":\"https:\\\/\\\/cookandlift.ch\\\/#website\"},\"primaryImageOfPage\":{\"@id\":\"https:\\\/\\\/cookandlift.ch\\\/temoignages\\\/#primaryimage\"},\"image\":{\"@id\":\"https:\\\/\\\/cookandlift.ch\\\/temoignages\\\/#primaryimage\"},\"thumbnailUrl\":\"https:\\\/\\\/cookandlift.ch\\\/wp-content\\\/uploads\\\/2024\\\/10\\\/thinkpad_2024-10-18_10.jpg\",\"datePublished\":\"2024-10-18T09:04:53+00:00\",\"dateModified\":\"2025-02-26T07:57:18+00:00\",\"description\":\"Cook and Lift, votre coach sportif \u00e0 Lausanne: un entra\u00eenement rigoureux et sur-mesure, accompagn\u00e9 d'un plan nutritionnel adapt\u00e9 \u00e0 vos objectifs.\",\"breadcrumb\":{\"@id\":\"https:\\\/\\\/cookandlift.ch\\\/temoignages\\\/#breadcrumb\"},\"inLanguage\":\"en-GB\",\"potentialAction\":[{\"@type\":\"ReadAction\",\"target\":[\"https:\\\/\\\/cookandlift.ch\\\/temoignages\\\/\"]}]},{\"@type\":\"ImageObject\",\"inLanguage\":\"en-GB\",\"@id\":\"https:\\\/\\\/cookandlift.ch\\\/temoignages\\\/#primaryimage\",\"url\":\"https:\\\/\\\/cookandlift.ch\\\/wp-content\\\/uploads\\\/2024\\\/10\\\/thinkpad_2024-10-18_10.jpg\",\"contentUrl\":\"https:\\\/\\\/cookandlift.ch\\\/wp-content\\\/uploads\\\/2024\\\/10\\\/thinkpad_2024-10-18_10.jpg\"},{\"@type\":\"BreadcrumbList\",\"@id\":\"https:\\\/\\\/cookandlift.ch\\\/temoignages\\\/#breadcrumb\",\"itemListElement\":[{\"@type\":\"ListItem\",\"position\":1,\"name\":\"Accueil\",\"item\":\"https:\\\/\\\/cookandlift.ch\\\/\"},{\"@type\":\"ListItem\",\"position\":2,\"name\":\"temoignages\"}]},{\"@type\":\"WebSite\",\"@id\":\"https:\\\/\\\/cookandlift.ch\\\/#website\",\"url\":\"https:\\\/\\\/cookandlift.ch\\\/\",\"name\":\"Cook And Lift\",\"description\":\"Votre coach sportif et nutritionnel\",\"publisher\":{\"@id\":\"https:\\\/\\\/cookandlift.ch\\\/#organization\"},\"alternateName\":\"Cook & Lift Coach sportif et nutritionnel\",\"potentialAction\":[{\"@type\":\"SearchAction\",\"target\":{\"@type\":\"EntryPoint\",\"urlTemplate\":\"https:\\\/\\\/cookandlift.ch\\\/?s={search_term_string}\"},\"query-input\":{\"@type\":\"PropertyValueSpecification\",\"valueRequired\":true,\"valueName\":\"search_term_string\"}}],\"inLanguage\":\"en-GB\"},{\"@type\":\"Organization\",\"@id\":\"https:\\\/\\\/cookandlift.ch\\\/#organization\",\"name\":\"Cook And Lift\",\"alternateName\":\"Cook & Lift Coach sportif et nutritionnel\",\"url\":\"https:\\\/\\\/cookandlift.ch\\\/\",\"logo\":{\"@type\":\"ImageObject\",\"inLanguage\":\"en-GB\",\"@id\":\"https:\\\/\\\/cookandlift.ch\\\/#\\\/schema\\\/logo\\\/image\\\/\",\"url\":\"https:\\\/\\\/cookandlift.ch\\\/wp-content\\\/uploads\\\/2024\\\/10\\\/logo.png\",\"contentUrl\":\"https:\\\/\\\/cookandlift.ch\\\/wp-content\\\/uploads\\\/2024\\\/10\\\/logo.png\",\"width\":891,\"height\":806,\"caption\":\"Cook And Lift\"},\"image\":{\"@id\":\"https:\\\/\\\/cookandlift.ch\\\/#\\\/schema\\\/logo\\\/image\\\/\"}}]}<\/script>\n<!-- \/ Yoast SEO plugin. -->","yoast_head_json":{"title":"Cook &amp; Lift \u00b7 Sports and nutrition coach in Lausanne","description":"Cook and Lift, your sports coach in Lausanne: rigorous, tailor-made training, accompanied by a nutritional plan adapted to your goals.","robots":{"index":"index","follow":"follow","max-snippet":"max-snippet:-1","max-image-preview":"max-image-preview:large","max-video-preview":"max-video-preview:-1"},"canonical":"https:\/\/cookandlift.ch\/en\/temoignages\/","og_locale":"en_GB","og_type":"article","og_title":"Cook & Lift \u00b7 Coach sportif et nutritionnel \u00e0 Lausanne","og_description":"Cook and Lift, votre coach sportif \u00e0 Lausanne: un entra\u00eenement rigoureux et sur-mesure, accompagn\u00e9 d'un plan nutritionnel adapt\u00e9 \u00e0 vos objectifs.","og_url":"https:\/\/cookandlift.ch\/en\/temoignages\/","og_site_name":"Cook And Lift","article_modified_time":"2025-02-26T07:57:18+00:00","og_image":[{"url":"https:\/\/cookandlift.ch\/wp-content\/uploads\/2024\/10\/thinkpad_2024-10-18_10.jpg","type":"","width":"","height":""}],"twitter_card":"summary_large_image","twitter_misc":{"Estimated reading time":"21 minutes"},"schema":{"@context":"https:\/\/schema.org","@graph":[{"@type":"WebPage","@id":"https:\/\/cookandlift.ch\/temoignages\/","url":"https:\/\/cookandlift.ch\/temoignages\/","name":"Cook &amp; Lift \u00b7 Sports and nutrition coach in Lausanne","isPartOf":{"@id":"https:\/\/cookandlift.ch\/#website"},"primaryImageOfPage":{"@id":"https:\/\/cookandlift.ch\/temoignages\/#primaryimage"},"image":{"@id":"https:\/\/cookandlift.ch\/temoignages\/#primaryimage"},"thumbnailUrl":"https:\/\/cookandlift.ch\/wp-content\/uploads\/2024\/10\/thinkpad_2024-10-18_10.jpg","datePublished":"2024-10-18T09:04:53+00:00","dateModified":"2025-02-26T07:57:18+00:00","description":"Cook and Lift, your sports coach in Lausanne: rigorous, tailor-made training, accompanied by a nutritional plan adapted to your goals.","breadcrumb":{"@id":"https:\/\/cookandlift.ch\/temoignages\/#breadcrumb"},"inLanguage":"en-GB","potentialAction":[{"@type":"ReadAction","target":["https:\/\/cookandlift.ch\/temoignages\/"]}]},{"@type":"ImageObject","inLanguage":"en-GB","@id":"https:\/\/cookandlift.ch\/temoignages\/#primaryimage","url":"https:\/\/cookandlift.ch\/wp-content\/uploads\/2024\/10\/thinkpad_2024-10-18_10.jpg","contentUrl":"https:\/\/cookandlift.ch\/wp-content\/uploads\/2024\/10\/thinkpad_2024-10-18_10.jpg"},{"@type":"BreadcrumbList","@id":"https:\/\/cookandlift.ch\/temoignages\/#breadcrumb","itemListElement":[{"@type":"ListItem","position":1,"name":"Accueil","item":"https:\/\/cookandlift.ch\/"},{"@type":"ListItem","position":2,"name":"temoignages"}]},{"@type":"WebSite","@id":"https:\/\/cookandlift.ch\/#website","url":"https:\/\/cookandlift.ch\/","name":"Cook and Lift","description":"Your sports and nutritional coach","publisher":{"@id":"https:\/\/cookandlift.ch\/#organization"},"alternateName":"Cook & Lift Coach sportif et nutritionnel","potentialAction":[{"@type":"SearchAction","target":{"@type":"EntryPoint","urlTemplate":"https:\/\/cookandlift.ch\/?s={search_term_string}"},"query-input":{"@type":"PropertyValueSpecification","valueRequired":true,"valueName":"search_term_string"}}],"inLanguage":"en-GB"},{"@type":"Organization","@id":"https:\/\/cookandlift.ch\/#organization","name":"Cook and Lift","alternateName":"Cook & Lift Coach sportif et nutritionnel","url":"https:\/\/cookandlift.ch\/","logo":{"@type":"ImageObject","inLanguage":"en-GB","@id":"https:\/\/cookandlift.ch\/#\/schema\/logo\/image\/","url":"https:\/\/cookandlift.ch\/wp-content\/uploads\/2024\/10\/logo.png","contentUrl":"https:\/\/cookandlift.ch\/wp-content\/uploads\/2024\/10\/logo.png","width":891,"height":806,"caption":"Cook And Lift"},"image":{"@id":"https:\/\/cookandlift.ch\/#\/schema\/logo\/image\/"}}]}},"_links":{"self":[{"href":"https:\/\/cookandlift.ch\/en\/wp-json\/wp\/v2\/pages\/18","targetHints":{"allow":["GET"]}}],"collection":[{"href":"https:\/\/cookandlift.ch\/en\/wp-json\/wp\/v2\/pages"}],"about":[{"href":"https:\/\/cookandlift.ch\/en\/wp-json\/wp\/v2\/types\/page"}],"author":[{"embeddable":true,"href":"https:\/\/cookandlift.ch\/en\/wp-json\/wp\/v2\/users\/1"}],"replies":[{"embeddable":true,"href":"https:\/\/cookandlift.ch\/en\/wp-json\/wp\/v2\/comments?post=18"}],"version-history":[{"count":6,"href":"https:\/\/cookandlift.ch\/en\/wp-json\/wp\/v2\/pages\/18\/revisions"}],"predecessor-version":[{"id":331,"href":"https:\/\/cookandlift.ch\/en\/wp-json\/wp\/v2\/pages\/18\/revisions\/331"}],"wp:attachment":[{"href":"https:\/\/cookandlift.ch\/en\/wp-json\/wp\/v2\/media?parent=18"}],"curies":[{"name":"wp","href":"https:\/\/api.w.org\/{rel}","templated":true}]}}